{"id":802,"date":"2020-01-23T08:23:05","date_gmt":"2020-01-23T07:23:05","guid":{"rendered":"http:\/\/wolarafalowska.pl\/?page_id=802"},"modified":"2020-01-24T16:43:29","modified_gmt":"2020-01-24T15:43:29","slug":"1-3","status":"publish","type":"page","link":"https:\/\/wolarafalowska.pl\/?page_id=802","title":{"rendered":"1% podatku"},"content":{"rendered":"<p style=\"text-align: center;\">Zacz\u0105\u0142 si\u0119 okres rozliczenia podatku za 2019 r.<br \/>\nStowarzyszenie&nbsp; Promocji i Rozwoju Wsi Wola Rafa\u0142owska \u201eNasza Wola&#8221; jest Organizacj\u0105 Po\u017cytku Publicznego uprawnion\u0105 do pozyskiwania 1% podatku.<br \/>\nJako prezes Stowarzyszenia wracam si\u0119 do Pa\u0144stwa z pro\u015bb\u0105.<br \/>\nJe\u017celi nie przekazujecie jeszcze 1 %, przeka\u017ccie go nam. Liczy si\u0119 ka\u017cda z\u0142ot\u00f3wka.<br \/>\nNasz KRS 0000307811.<br \/>\nZ g\u00f3ry dzi\u0119kuj\u0119.<\/p>\n<p><a href=\"https:\/\/www.pitax.pl\/rozliczenie-pit-online-0000307811\/\"><img loading=\"lazy\" decoding=\"async\" class=\"size-medium wp-image-982 aligncenter\" src=\"https:\/\/wolarafalowska.pl\/wp-content\/uploads\/2020\/01\/9opp-rozlicz-300x94.gif\" alt=\"\" width=\"300\" height=\"94\"><\/a><\/p>\n<p>&nbsp;<\/p>\n","protected":false},"excerpt":{"rendered":"<p>Zacz\u0105\u0142 si\u0119 okres rozliczenia podatku za 2019 r. Stowarzyszenie&nbsp; Promocji i Rozwoju Wsi Wola Rafa\u0142owska \u201eNasza Wola&#8221; jest Organizacj\u0105 Po\u017cytku Publicznego uprawnion\u0105 do pozyskiwania 1% podatku. Jako prezes Stowarzyszenia wracam si\u0119 do Pa\u0144stwa z pro\u015bb\u0105. Je\u017celi nie przekazujecie jeszcze 1 %, przeka\u017ccie go nam. Liczy si\u0119 ka\u017cda z\u0142ot\u00f3wka. Nasz KRS 0000307811. Z g\u00f3ry dzi\u0119kuj\u0119. &nbsp;<\/p>\n<a class=\"btn_a\" href=\"https:\/\/wolarafalowska.pl\/?page_id=802\"><span><i class=\"in_left fa fa-angle-right\"><\/i><span>Details<\/span><i class=\"in_right fa fa-angle-right\"><\/i><\/span><\/a>","protected":false},"author":1,"featured_media":0,"parent":0,"menu_order":0,"comment_status":"closed","ping_status":"closed","template":"","meta":{"footnotes":""},"class_list":["post-802","page","type-page","status-publish","hentry"],"_links":{"self":[{"href":"https:\/\/wolarafalowska.pl\/index.php?rest_route=\/wp\/v2\/pages\/802","targetHints":{"allow":["GET"]}}],"collection":[{"href":"https:\/\/wolarafalowska.pl\/index.php?rest_route=\/wp\/v2\/pages"}],"about":[{"href":"https:\/\/wolarafalowska.pl\/index.php?rest_route=\/wp\/v2\/types\/page"}],"author":[{"embeddable":true,"href":"https:\/\/wolarafalowska.pl\/index.php?rest_route=\/wp\/v2\/users\/1"}],"replies":[{"embeddable":true,"href":"https:\/\/wolarafalowska.pl\/index.php?rest_route=%2Fwp%2Fv2%2Fcomments&post=802"}],"version-history":[{"count":8,"href":"https:\/\/wolarafalowska.pl\/index.php?rest_route=\/wp\/v2\/pages\/802\/revisions"}],"predecessor-version":[{"id":985,"href":"https:\/\/wolarafalowska.pl\/index.php?rest_route=\/wp\/v2\/pages\/802\/revisions\/985"}],"wp:attachment":[{"href":"https:\/\/wolarafalowska.pl\/index.php?rest_route=%2Fwp%2Fv2%2Fmedia&parent=802"}],"curies":[{"name":"wp","href":"https:\/\/api.w.org\/{rel}","templated":true}]}}